{"version":"1.0","provider_name":"Instituto de Apoio \u00e0 Crian\u00e7a","provider_url":"https:\/\/iacrianca.pt\/en\/","title":"Confer\u00eancia \u201cA cidade como motor de transforma\u00e7\u00e3o social\u201d | Instituto de Apoio \u00e0 Crian\u00e7a","type":"rich","width":600,"height":338,"html":"<blockquote class=\"wp-embedded-content\" data-secret=\"2Gbyq7quT3\"><a href=\"https:\/\/iacrianca.pt\/en\/2024\/12\/conferencia-a-cidade-como-motor-de-transformacao-social\/\">Confer\u00eancia \u201cA cidade como motor de transforma\u00e7\u00e3o social\u201d<\/a><\/blockquote><iframe sandbox=\"allow-scripts\" security=\"restricted\" src=\"https:\/\/iacrianca.pt\/en\/2024\/12\/conferencia-a-cidade-como-motor-de-transformacao-social\/embed\/#?secret=2Gbyq7quT3\" width=\"600\" height=\"338\" title=\"&#8220;Confer\u00eancia \u201cA cidade como motor de transforma\u00e7\u00e3o social\u201d&#8221; &#8212; Instituto de Apoio \u00e0 Crian\u00e7a\" data-secret=\"2Gbyq7quT3\" frameborder=\"0\" marginwidth=\"0\" marginheight=\"0\" scrolling=\"no\" class=\"wp-embedded-content\"><\/iframe><script>\n\/*! This file is auto-generated *\/\n!function(d,l){\"use strict\";l.querySelector&&d.addEventListener&&\"undefined\"!=typeof URL&&(d.wp=d.wp||{},d.wp.receiveEmbedMessage||(d.wp.receiveEmbedMessage=function(e){var t=e.data;if((t||t.secret||t.message||t.value)&&!\/[^a-zA-Z0-9]\/.test(t.secret)){for(var s,r,n,a=l.querySelectorAll('iframe[data-secret=\"'+t.secret+'\"]'),o=l.querySelectorAll('blockquote[data-secret=\"'+t.secret+'\"]'),c=new RegExp(\"^https?:$\",\"i\"),i=0;i<o.length;i++)o[i].style.display=\"none\";for(i=0;i<a.length;i++)s=a[i],e.source===s.contentWindow&&(s.removeAttribute(\"style\"),\"height\"===t.message?(1e3<(r=parseInt(t.value,10))?r=1e3:~~r<200&&(r=200),s.height=r):\"link\"===t.message&&(r=new URL(s.getAttribute(\"src\")),n=new URL(t.value),c.test(n.protocol))&&n.host===r.host&&l.activeElement===s&&(d.top.location.href=t.value))}},d.addEventListener(\"message\",d.wp.receiveEmbedMessage,!1),l.addEventListener(\"DOMContentLoaded\",function(){for(var e,t,s=l.querySelectorAll(\"iframe.wp-embedded-content\"),r=0;r<s.length;r++)(t=(e=s[r]).getAttribute(\"data-secret\"))||(t=Math.random().toString(36).substring(2,12),e.src+=\"#?secret=\"+t,e.setAttribute(\"data-secret\",t)),e.contentWindow.postMessage({message:\"ready\",secret:t},\"*\")},!1)))}(window,document);\n\/\/# sourceURL=https:\/\/iacrianca.pt\/wp-includes\/js\/wp-embed.min.js\n<\/script>\n","thumbnail_url":"https:\/\/iacrianca.pt\/wp-content\/uploads\/conf_rr.jpg","thumbnail_width":840,"thumbnail_height":471,"description":"A R\u00e1dio Renascen\u00e7a e o Munic\u00edpio de Pa\u00e7os de Ferreira organizaram, a prop\u00f3sito do Dia das Cidades Educadoras, a confer\u00eancia \u201cA cidade como motor de transforma\u00e7\u00e3o social\u201d.\u00a0 Ana Louren\u00e7o participou no 1\u00ba painel do evento dedicado ao papel das pol\u00edticas p\u00fablicas e locais na transforma\u00e7\u00e3o social.\u00a0 A confer\u00eancia teve lugar no dia 29 de novembro,&hellip;"}