{"version":"1.0","provider_name":"Instituto de Apoio \u00e0 Crian\u00e7a","provider_url":"https:\/\/iacrianca.pt\/en\/","title":"Projeto Media\u00e7\u00e3o Escolar \u2013 atividade formativa | Instituto de Apoio \u00e0 Crian\u00e7a","type":"rich","width":600,"height":338,"html":"<blockquote class=\"wp-embedded-content\" data-secret=\"XCCdgQVzkB\"><a href=\"https:\/\/iacrianca.pt\/en\/2025\/05\/projeto-mediacao-escolar-atividade-formativa\/\">Projeto Media\u00e7\u00e3o Escolar \u2013 atividade formativa<\/a><\/blockquote><iframe sandbox=\"allow-scripts\" security=\"restricted\" src=\"https:\/\/iacrianca.pt\/en\/2025\/05\/projeto-mediacao-escolar-atividade-formativa\/embed\/#?secret=XCCdgQVzkB\" width=\"600\" height=\"338\" title=\"&#8220;Projeto Media\u00e7\u00e3o Escolar \u2013 atividade formativa&#8221; &#8212; Instituto de Apoio \u00e0 Crian\u00e7a\" data-secret=\"XCCdgQVzkB\" frameborder=\"0\" marginwidth=\"0\" marginheight=\"0\" scrolling=\"no\" class=\"wp-embedded-content\"><\/iframe><script>\n\/*! This file is auto-generated *\/\n!function(d,l){\"use strict\";l.querySelector&&d.addEventListener&&\"undefined\"!=typeof URL&&(d.wp=d.wp||{},d.wp.receiveEmbedMessage||(d.wp.receiveEmbedMessage=function(e){var t=e.data;if((t||t.secret||t.message||t.value)&&!\/[^a-zA-Z0-9]\/.test(t.secret)){for(var s,r,n,a=l.querySelectorAll('iframe[data-secret=\"'+t.secret+'\"]'),o=l.querySelectorAll('blockquote[data-secret=\"'+t.secret+'\"]'),c=new RegExp(\"^https?:$\",\"i\"),i=0;i<o.length;i++)o[i].style.display=\"none\";for(i=0;i<a.length;i++)s=a[i],e.source===s.contentWindow&&(s.removeAttribute(\"style\"),\"height\"===t.message?(1e3<(r=parseInt(t.value,10))?r=1e3:~~r<200&&(r=200),s.height=r):\"link\"===t.message&&(r=new URL(s.getAttribute(\"src\")),n=new URL(t.value),c.test(n.protocol))&&n.host===r.host&&l.activeElement===s&&(d.top.location.href=t.value))}},d.addEventListener(\"message\",d.wp.receiveEmbedMessage,!1),l.addEventListener(\"DOMContentLoaded\",function(){for(var e,t,s=l.querySelectorAll(\"iframe.wp-embedded-content\"),r=0;r<s.length;r++)(t=(e=s[r]).getAttribute(\"data-secret\"))||(t=Math.random().toString(36).substring(2,12),e.src+=\"#?secret=\"+t,e.setAttribute(\"data-secret\",t)),e.contentWindow.postMessage({message:\"ready\",secret:t},\"*\")},!1)))}(window,document);\n\/\/# sourceURL=https:\/\/iacrianca.pt\/wp-includes\/js\/wp-embed.min.js\n<\/script>\n","thumbnail_url":"https:\/\/iacrianca.pt\/wp-content\/uploads\/aemf-2.jpg","thumbnail_width":2000,"thumbnail_height":1500,"description":"No dia 6 de maio de 2025, o IAC &#8211; Polo de Coimbra fazendo-se representar pelo t\u00e9cnico Jos\u00e9 Coelho, dinamizou tr\u00eas sess\u00f5es de sensibiliza\u00e7\u00e3o, intituladas de \u201cSomos todos diferentes!\u201d, para alunos do 2\u00ba Ciclo do Ensino B\u00e1sico, no Agrupamento de Escolas de Martim de Freitas. Estas sess\u00f5es que contaram com a presen\u00e7a de 72 alunos&hellip;"}