{"version":"1.0","provider_name":"Instituto de Apoio \u00e0 Crian\u00e7a","provider_url":"https:\/\/iacrianca.pt\/en\/","title":"Sess\u00e3o da Rede Juvenil Crescer Juntos (RJCJ) | Instituto de Apoio \u00e0 Crian\u00e7a","type":"rich","width":600,"height":338,"html":"<blockquote class=\"wp-embedded-content\" data-secret=\"VIUM08NTqM\"><a href=\"https:\/\/iacrianca.pt\/en\/2026\/03\/sessao-da-rede-juvenil-crescer-juntos-rjcj\/\">Sess\u00e3o da Rede Juvenil Crescer Juntos (RJCJ)<\/a><\/blockquote><iframe sandbox=\"allow-scripts\" security=\"restricted\" src=\"https:\/\/iacrianca.pt\/en\/2026\/03\/sessao-da-rede-juvenil-crescer-juntos-rjcj\/embed\/#?secret=VIUM08NTqM\" width=\"600\" height=\"338\" title=\"&#8220;Sess\u00e3o da Rede Juvenil Crescer Juntos (RJCJ)&#8221; &#8212; Instituto de Apoio \u00e0 Crian\u00e7a\" data-secret=\"VIUM08NTqM\" frameborder=\"0\" marginwidth=\"0\" marginheight=\"0\" scrolling=\"no\" class=\"wp-embedded-content\"><\/iframe><script>\n\/*! This file is auto-generated *\/\n!function(d,l){\"use strict\";l.querySelector&&d.addEventListener&&\"undefined\"!=typeof URL&&(d.wp=d.wp||{},d.wp.receiveEmbedMessage||(d.wp.receiveEmbedMessage=function(e){var t=e.data;if((t||t.secret||t.message||t.value)&&!\/[^a-zA-Z0-9]\/.test(t.secret)){for(var s,r,n,a=l.querySelectorAll('iframe[data-secret=\"'+t.secret+'\"]'),o=l.querySelectorAll('blockquote[data-secret=\"'+t.secret+'\"]'),c=new RegExp(\"^https?:$\",\"i\"),i=0;i<o.length;i++)o[i].style.display=\"none\";for(i=0;i<a.length;i++)s=a[i],e.source===s.contentWindow&&(s.removeAttribute(\"style\"),\"height\"===t.message?(1e3<(r=parseInt(t.value,10))?r=1e3:~~r<200&&(r=200),s.height=r):\"link\"===t.message&&(r=new URL(s.getAttribute(\"src\")),n=new URL(t.value),c.test(n.protocol))&&n.host===r.host&&l.activeElement===s&&(d.top.location.href=t.value))}},d.addEventListener(\"message\",d.wp.receiveEmbedMessage,!1),l.addEventListener(\"DOMContentLoaded\",function(){for(var e,t,s=l.querySelectorAll(\"iframe.wp-embedded-content\"),r=0;r<s.length;r++)(t=(e=s[r]).getAttribute(\"data-secret\"))||(t=Math.random().toString(36).substring(2,12),e.src+=\"#?secret=\"+t,e.setAttribute(\"data-secret\",t)),e.contentWindow.postMessage({message:\"ready\",secret:t},\"*\")},!1)))}(window,document);\n\/\/# sourceURL=https:\/\/iacrianca.pt\/wp-includes\/js\/wp-embed.min.js\n<\/script>\n","thumbnail_url":"https:\/\/iacrianca.pt\/wp-content\/uploads\/rjcj2-1-scaled.jpg","thumbnail_width":1920,"thumbnail_height":2560,"description":"No \u00e2mbito da Rede Juvenil Crescer Juntos (RJCJ), do Polo de Coimbra, subordinado ao tema \u201cOs jovens no mundo atual \u2013 Eu e o Outro\u201d, realizou-se, no passado dia 25 de fevereiro, mais uma sess\u00e3o, desta vez dedicada ao \u201cAtelier das Artes \u2013 Cria\u00e7\u00e3o de uma Pe\u00e7a em Barro\u201d. A atividade decorreu na Casa de&hellip;"}